{"id":153,"date":"2021-08-03T13:30:14","date_gmt":"2021-08-03T11:30:14","guid":{"rendered":"https:\/\/journeedesfatigues.fr\/?page_id=153"},"modified":"2026-08-31T10:52:38","modified_gmt":"2026-08-31T08:52:38","slug":"journee-des-fatigues","status":"publish","type":"page","link":"https:\/\/journeedesfatigues.fr\/","title":{"rendered":"NOUVEAU : un programme in\u00e9dit de formation continue sur les fatigues"},"content":{"rendered":"\n<p class=\"has-medium-font-size wp-block-paragraph\">Des formations in\u00e9dites en 100% distanciel, nourries par l&rsquo;expertise du Groupe de Travail national sur les Fatigues : \u00e0 d\u00e9couvrir sur le site de l&rsquo;Universit\u00e9 de Strasbourg, service de formation continue &#8211; inscriptions ouvertes du 19 ao\u00fbt au 12 novembre 2026, pour un d\u00e9but des cours le 11 f\u00e9vrier 2027 :<\/p>\n\n\n\n<p class=\"has-medium-font-size wp-block-paragraph\">La seule formation sur la fatigue con\u00e7ue avec des personnes concern\u00e9es, avec des patients-experts et des patients-partenaires intervenants !<\/p>\n\n\n\n<ul class=\"wp-block-list\">\n<li class=\"has-medium-font-size\">le <a href=\"https:\/\/sfc.unistra.fr\/formations\/sante-transverse_-_approche-du-malade_-_diplome-duniversite-approche-comprehensive-et-partenariale-des-fatigues_-_6865\/\">Dipl\u00f4me d\u2019universit\u00e9<\/a> <strong>\u00ab\u00a0Approche compr\u00e9hensive et partenariale des fatigues : Comprendre l&rsquo;exp\u00e9rience des fatigues pour agir ensemble\u00a0\u00bb<\/strong> &#8211; destin\u00e9e aux professionnels du soin<\/li>\n<\/ul>\n\n\n\n<ul class=\"wp-block-list\">\n<li class=\"has-medium-font-size\">la <a href=\"https:\/\/sfc.unistra.fr\/formations\/sante-transverse_-_approche-du-malade_-_comprendre-lexperience-des-fatigues-pour-agir-ensemble_-_6870\/\">formation <\/a>courte <strong>\u00ab\u00a0Comprendre l\u2019exp\u00e9rience des fatigues pour agir ensemble\u00a0\u00bb<\/strong> &#8211; destin\u00e9e aux malades-experts\/partenaires, repr\u00e9sentants associatifs, et aux proches-aidants<\/li>\n<\/ul>\n\n\n\n<p class=\"has-medium-font-size wp-block-paragraph\">Points forts de ces formations sur la fatigue : <\/p>\n\n\n\n<ul class=\"wp-block-list\">\n<li class=\"has-medium-font-size\"><em>une approche r\u00e9ellement transdisciplinaire qui m\u00eale sciences humaines, m\u00e9decine et savoirs exp\u00e9rientiels des patients.<\/em><\/li>\n\n\n\n<li class=\"has-medium-font-size\"><em>une p\u00e9dagogie qui sort du cours magistral : ateliers d&rsquo;\u00e9criture inspir\u00e9s de la m\u00e9decine narrative, th\u00e9\u00e2tre-forum, \u00e9changes de pratiques<\/em><\/li>\n\n\n\n<li class=\"has-medium-font-size\"><em>un r\u00e9seau national : chaque stagiaire repart connect\u00e9 \u00e0 une communaut\u00e9 nationale d&rsquo;experts et d&rsquo;acteurs engag\u00e9s sur ces enjeux \u2014 un r\u00e9seau qui continue d&rsquo;exister bien apr\u00e8s le dipl\u00f4me.<\/em><br><\/li>\n<\/ul>\n\n\n\n<p class=\"wp-block-paragraph\">Informations sur les contenus : isabelle.fornasieri[arobase]unistra.fr.<\/p>\n\n\n\n<div class=\"wp-block-columns is-layout-flex wp-container-core-columns-is-layout-8f761849 wp-block-columns-is-layout-flex\">\n<div class=\"wp-block-column is-layout-flow wp-block-column-is-layout-flow\" style=\"flex-basis:70%\">\n<p class=\"has-text-align-center has-large-font-size wp-block-paragraph\"><mark style=\"font-weight: bold; background-color: rgba(0, 0, 0, 0); color: rgb(255, 128, 0);\" class=\"has-inline-color\">  Retrouvez les conf\u00e9rences de la 3\u00e8me \u00e9dition de la Biennale des Fatigues <\/mark><\/p>\n\n\n\n<p class=\"has-gateway-dark-gray-color has-text-color has-link-color has-medium-font-size wp-elements-51c83ca85a1f0a1315b25203219b1e32 wp-block-paragraph\">Th\u00e8me : <strong>Le \u00ab pacing \u00bb (gestion du rythme) face \u00e0 l\u2019\u00e9puisement : questionner ses origines, ses pratiques, et \u00e9valuer ses effets.<\/strong><\/p>\n\n\n\n<p class=\"has-gateway-dark-gray-color has-text-color has-background has-link-color wp-elements-3007706f44e56a2f752a06f832c58342 wp-block-paragraph\" style=\"background:linear-gradient(135deg,rgb(252,185,0) 0%,rgb(255,255,255) 18%,rgb(255,105,0) 100%)\"><br>Programme de la biennale du<strong> <a href=\"https:\/\/journeedesfatigues.fr\/index.php\/21-novembre-2025\/\" data-type=\"page\" data-id=\"1023\">\u00ab\u00a021 novembre 2025\u00a0\u00bb<\/a>.<\/strong><\/p>\n\n\n\n<p class=\"wp-block-paragraph\"><\/p>\n\n\n<div class=\"wp-block-image\">\n<figure class=\"aligncenter size-large\"><img loading=\"lazy\" decoding=\"async\" width=\"724\" height=\"1024\" src=\"https:\/\/journeedesfatigues.fr\/wp-content\/uploads\/2025\/07\/poster-biennale-2025-1-724x1024.jpg\" alt=\"\" class=\"wp-image-1014\" srcset=\"https:\/\/journeedesfatigues.fr\/wp-content\/uploads\/2025\/07\/poster-biennale-2025-1-724x1024.jpg 724w, https:\/\/journeedesfatigues.fr\/wp-content\/uploads\/2025\/07\/poster-biennale-2025-1-212x300.jpg 212w, https:\/\/journeedesfatigues.fr\/wp-content\/uploads\/2025\/07\/poster-biennale-2025-1-768x1086.jpg 768w, https:\/\/journeedesfatigues.fr\/wp-content\/uploads\/2025\/07\/poster-biennale-2025-1-1086x1536.jpg 1086w, https:\/\/journeedesfatigues.fr\/wp-content\/uploads\/2025\/07\/poster-biennale-2025-1.jpg 1240w\" sizes=\"auto, (max-width: 724px) 100vw, 724px\" \/><\/figure>\n<\/div>\n\n\n<p class=\"wp-block-paragraph\">France Assos Sant\u00e9 soutient la <a href=\"https:\/\/www.facebook.com\/hashtag\/biennaledesfatigues?__eep__=6&amp;__cft__[0]=AZX4qWnCLY40g7zgkK1OE-oSnD_65u3QzX9ZQejglLhIG64q28Pm7TwxhB6SpmeqvnPrpWlrJ7CSPdacLCVMLcBJenfo8JgNyzTXzPjaGZZVRzBsbEcI-tKZKD0C-PboNfhVIquT_JAbt38XgY-bFP-84QmHCJbiwWm6FcvTvK6Hq9TeTIq5FVKzrq7VF1xjPIA&amp;__tn__=*NK-R\">#biennaledesfatigues<\/a> depuis son lancement le 21 novembre 2021, un grand merci \u00e0 eux !<\/p>\n\n\n\n<p class=\"wp-block-paragraph\">D\u00e9couvrez <a href=\"https:\/\/www.france-assos-sante.org\/2025\/11\/04\/biennale-des-fatigues-le-pacing-pour-tenir-face-a-lepuisement\/?fbclid=IwY2xjawN35aZleHRuA2FlbQIxMABicmlkETF0SjZ0TVlqb0NXRFVIRjNSc3J0YwZhcHBfaWQQMjIyMDM5MTc4ODIwMDg5MgABHjcdQbgvoPmYT9tHXa_6juYtgnceL4Kzatqg8kmn4jqYRBPOZlfRBz3C25lo_aem_wbkEYcoiZcX73gdK4b1gug\"><strong>l&rsquo;article sur la Biennale des Fatigues 2025<\/strong><\/a>, sur leur site !<\/p>\n\n\n\n<p class=\"wp-block-paragraph\"><\/p>\n\n\n\n<p class=\"has-text-align-center has-gateway-dark-gray-color has-text-color has-link-color has-medium-font-size wp-elements-e372d2c9cc1cf7adb542c576b32b43d3 wp-block-paragraph\"><strong>Une journ\u00e9e nationale pour faire de \u00ab\u00a0la fatigue\u00a0\u00bb un vrai sujet scientifique, m\u00e9dical, soci\u00e9tal..<br>Ev\u00e9n\u00e9ment ouvert \u00e0 tous<\/strong> <strong>gratuitement<\/strong><\/p>\n\n\n\n<p class=\"has-text-align-center wp-block-paragraph\"><a rel=\"noreferrer noopener\" href=\"https:\/\/event.webinarjam.com\/channel\/direct21novembre\" data-type=\"URL\" data-id=\"https:\/\/event.webinarjam.com\/channel\/direct21novembre\" target=\"_blank\"><strong><span class=\"has-inline-color has-gateway-red-color\">Le lancement a eu lieu le 21 novembre 2021<\/span><\/strong><\/a><\/p>\n\n\n\n<p class=\"has-text-align-center wp-block-paragraph\"><mark style=\"background-color:rgba(0, 0, 0, 0);color:#ff8000\" class=\"has-inline-color\">Sous le haut patronage d\u2019Olivier V\u00e9ran, Ministre des Solidarit\u00e9s et de la Sant\u00e9<\/mark><\/p>\n\n\n\n<p class=\"has-text-align-center wp-block-paragraph\"><a href=\"https:\/\/www.youtube.com\/channel\/UCx3r09iGLaaJ02FXtufRLng\/videos\" data-type=\"URL\" data-id=\"https:\/\/www.youtube.com\/channel\/UCx3r09iGLaaJ02FXtufRLng\/videos\"><\/a><\/p>\n\n\n\n<p class=\"has-gateway-dark-gray-color has-text-color has-link-color wp-elements-9af6fbb8182a66825c606c983c456d8a wp-block-paragraph\">La Journ\u00e9e des Fatigues, devenue la Biennale des Fatigues est un&nbsp;<strong>\u00e9v\u00e9nement grand public, n\u00e9 \u00e0 l\u2019initiative d\u2019un regroupement d\u2019associations de malades<\/strong>. Elle <strong>est soutenue par France Assos Sant\u00e9.<\/strong> <\/p>\n\n\n\n<p class=\"has-gateway-dark-gray-color has-text-color has-link-color wp-elements-80b6c3940dd4ec5545ddae7057458b84 wp-block-paragraph\"><\/p>\n\n\n\n<p class=\"has-gateway-dark-gray-color has-text-color has-link-color wp-elements-c67bdb35a82fea346cc0453c750e2df0 wp-block-paragraph\">Ces associations ont d\u00e9cid\u00e9 de prendre ensemble \u00e0 bras le corps la probl\u00e9matique de la fatigue mal nomm\u00e9e, mal d\u00e9finie, mal \u00e9valu\u00e9e et mal aim\u00e9e.&nbsp;<\/p>\n\n\n\n<p class=\"has-gateway-dark-gray-color has-text-color has-link-color wp-elements-c06ba0bd888fca8ec1e1d51c1ae5082f wp-block-paragraph\">Cette nouvelle journ\u00e9e nationale a \u00e9t\u00e9 imagin\u00e9e par l\u2019Association Fran\u00e7aise du Syndrome de Fatigue Chronique (ASFC). Elle s\u2019est empar\u00e9e du malentendu autour de la d\u00e9signation de la pathologie qu\u2019elle repr\u00e9sente, et qui est couramment assimil\u00e9e \u00e0 une simple fatigue durable, inexpliqu\u00e9e et aux origines psychologiques.<\/p>\n\n\n\n<p class=\"has-gateway-dark-gray-color has-text-color has-link-color wp-elements-b1859dc8b92e747deb475aaa4aae82b2 wp-block-paragraph\">Subjective et famili\u00e8re, la fatigue est un ressenti humain universel. Tout un chacun, bien portant ou malade, la conna\u00eetra durant sa vie. Cependant, la fatigue a de multiples visages et de nombreuses nuances, mal refl\u00e9t\u00e9s par le terme fatigue au singulier.<\/p>\n\n\n\n<p class=\"has-gateway-dark-gray-color has-text-color has-link-color wp-elements-d159a63735dc941bf49a67b5a873ed60 wp-block-paragraph\">Il est ind\u00e9niable, que l\u2019\u00e9valuation de la fatigue, sa prise en charge, la formation des m\u00e9decins sont \u00e0 peine balbutiantes en France tout comme il y a 15 ans sur le sujet de la douleur.<\/p>\n\n\n\n<p class=\"has-gateway-dark-gray-color has-text-color has-link-color wp-elements-86e7676d9b7f7ba27364cf6a1d85a4d0 wp-block-paragraph\">La Journ\u00e9e des Fatigues veut se nourrir de la force de rassemblement pour aboutir \u00e0 <strong>une p\u00e9dagogie de la fatigue<\/strong>.<\/p>\n\n\n\n<p class=\"has-gateway-dark-gray-color has-text-color has-link-color has-medium-font-size wp-elements-6121a004b677915655295f566f758587 wp-block-paragraph\">Tous les 21 novembre des ann\u00e9es impaires, d\u00e9couvrez nos actions qui vous feront<strong> partager des exp\u00e9riences diverses<\/strong> de la fatigue, et qui <strong>favoriseront l\u2019expression de tous<\/strong>.<\/p>\n\n\n\n<p class=\"has-text-align-center has-gateway-red-color has-text-color has-link-color wp-elements-2912026131b6b32832468f104618fd33 wp-block-paragraph\">Vous souhaitez contribuer ou soutenir cette journ\u00e9e,<br><span style=\"color:#ff8000\" class=\"has-inline-color\"><a href=\"https:\/\/journeedesfatigues.fr\/index.php\/contact\/\" data-type=\"page\" data-id=\"211\"><strong>\u00c9crivez-nous !<\/strong><\/a><\/span><\/p>\n\n\n\n<div style=\"height:20px\" aria-hidden=\"true\" class=\"wp-block-spacer\"><\/div>\n\n\n\n<div style=\"height:20px\" aria-hidden=\"true\" class=\"wp-block-spacer\"><\/div>\n\n\n\n<figure class=\"wp-block-image size-large\"><img loading=\"lazy\" decoding=\"async\" width=\"1024\" height=\"311\" src=\"https:\/\/journeedesfatigues.fr\/wp-content\/uploads\/2025\/11\/bandeau-biennale-des-fatigues-V10-1024x311.png\" alt=\"\" class=\"wp-image-1039\" srcset=\"https:\/\/journeedesfatigues.fr\/wp-content\/uploads\/2025\/11\/bandeau-biennale-des-fatigues-V10-1024x311.png 1024w, https:\/\/journeedesfatigues.fr\/wp-content\/uploads\/2025\/11\/bandeau-biennale-des-fatigues-V10-300x91.png 300w, https:\/\/journeedesfatigues.fr\/wp-content\/uploads\/2025\/11\/bandeau-biennale-des-fatigues-V10-768x233.png 768w, https:\/\/journeedesfatigues.fr\/wp-content\/uploads\/2025\/11\/bandeau-biennale-des-fatigues-V10-1536x466.png 1536w, https:\/\/journeedesfatigues.fr\/wp-content\/uploads\/2025\/11\/bandeau-biennale-des-fatigues-V10.png 1894w\" sizes=\"auto, (max-width: 1024px) 100vw, 1024px\" \/><\/figure>\n\n\n\n<div class=\"wp-block-columns is-layout-flex wp-container-core-columns-is-layout-8f761849 wp-block-columns-is-layout-flex\">\n<div class=\"wp-block-column is-layout-flow wp-block-column-is-layout-flow\"><\/div>\n\n\n\n<div class=\"wp-block-column is-layout-flow wp-block-column-is-layout-flow\"><\/div>\n<\/div>\n<\/div>\n\n\n\n<div class=\"wp-block-column is-layout-flow wp-block-column-is-layout-flow\"><\/div>\n\n\n\n<div class=\"wp-block-column is-layout-flow wp-block-column-is-layout-flow\" style=\"flex-basis:30%\"><div class=\"wp-block-image is-resized\">\n<figure class=\"aligncenter size-full\"><img loading=\"lazy\" decoding=\"async\" width=\"1551\" height=\"1636\" src=\"https:\/\/journeedesfatigues.fr\/wp-content\/uploads\/2025\/11\/couverture-pacing.jpg\" alt=\"\" class=\"wp-image-1081\" srcset=\"https:\/\/journeedesfatigues.fr\/wp-content\/uploads\/2025\/11\/couverture-pacing.jpg 1551w, https:\/\/journeedesfatigues.fr\/wp-content\/uploads\/2025\/11\/couverture-pacing-284x300.jpg 284w, https:\/\/journeedesfatigues.fr\/wp-content\/uploads\/2025\/11\/couverture-pacing-971x1024.jpg 971w, https:\/\/journeedesfatigues.fr\/wp-content\/uploads\/2025\/11\/couverture-pacing-768x810.jpg 768w, https:\/\/journeedesfatigues.fr\/wp-content\/uploads\/2025\/11\/couverture-pacing-1456x1536.jpg 1456w\" sizes=\"auto, (max-width: 1551px) 100vw, 1551px\" \/><figcaption class=\"wp-element-caption\"><a href=\"https:\/\/www.youtube.com\/watch?v=Kh8n8FMciwo\"><strong>Replay du webinaire Direct de l&rsquo;Afa \u00ab\u00a0Ma\u00eetrise<\/strong>r <strong>ses fatigues avec le pacing\u00a0\u00bb<\/strong><\/a><br><br><img decoding=\"async\" src=\"https:\/\/journeedesfatigues.fr\/wp-content\/uploads\/2023\/11\/equilibre-pacing-edited.jpg\" alt=\"L\u2019attribut alt de cette image est vide, son nom de fichier est equilibre-pacing-edited.jpg.\"><br><strong><a href=\"https:\/\/blog.asso-sfc.fr\/\">Blog de l&rsquo;ASFC sur le pacing<\/a><\/strong><br><\/figcaption><\/figure>\n<\/div>\n\n<div class=\"wp-block-image is-resized\">\n<figure class=\"aligncenter size-full\"><img loading=\"lazy\" decoding=\"async\" width=\"1297\" height=\"1292\" src=\"https:\/\/journeedesfatigues.fr\/wp-content\/uploads\/2025\/11\/CARTE-105x105-V2_01.jpg\" alt=\"\" class=\"wp-image-1084\" srcset=\"https:\/\/journeedesfatigues.fr\/wp-content\/uploads\/2025\/11\/CARTE-105x105-V2_01.jpg 1297w, https:\/\/journeedesfatigues.fr\/wp-content\/uploads\/2025\/11\/CARTE-105x105-V2_01-300x300.jpg 300w, https:\/\/journeedesfatigues.fr\/wp-content\/uploads\/2025\/11\/CARTE-105x105-V2_01-1024x1020.jpg 1024w, https:\/\/journeedesfatigues.fr\/wp-content\/uploads\/2025\/11\/CARTE-105x105-V2_01-150x150.jpg 150w, https:\/\/journeedesfatigues.fr\/wp-content\/uploads\/2025\/11\/CARTE-105x105-V2_01-768x765.jpg 768w, https:\/\/journeedesfatigues.fr\/wp-content\/uploads\/2025\/11\/CARTE-105x105-V2_01-365x365.jpg 365w\" sizes=\"auto, (max-width: 1297px) 100vw, 1297px\" \/><figcaption class=\"wp-element-caption\"><a href=\"https:\/\/www.youtube.com\/watch?v=DxgXT-aWSW8\"><strong>Quels b\u00e9n\u00e9fices peut-on attendre du pacing ? T\u00e9moignage de Sophie<\/strong>, <strong>patiente-formatrice<\/strong><\/a><br><br><img decoding=\"async\" src=\"https:\/\/journeedesfatigues.fr\/wp-content\/uploads\/2023\/11\/equilibre-pacing-edited.jpg\" alt=\"L\u2019attribut alt de cette image est vide, son nom de fichier est equilibre-pacing-edited.jpg.\"><br><strong><a href=\"https:\/\/www.youtube.com\/watch?v=QzRHxs03kHs\">Replay du webinaire ASFC \u00ab\u00a03 clefs pour d\u00e9buter le pacing\u00a0\u00bb<\/a><\/strong><br><\/figcaption><\/figure>\n<\/div>\n\n\n<p class=\"has-gateway-light-gray-color has-text-color wp-block-paragraph\" style=\"font-style:normal;font-weight:600\">D\u00e9couvrez toutes les ressources produites par le Groupe de Travail National sur les Fatigues et l&rsquo;historique des Biennales sur <a href=\"https:\/\/app.imagina.com\/journee-des-fatigues\">la plateforme Imagina<\/a><\/p>\n\n\n\n<div style=\"height:20px\" aria-hidden=\"true\" class=\"wp-block-spacer\"><\/div>\n\n\n\n<p class=\"has-text-align-center has-gateway-dark-gray-color has-text-color has-link-color wp-elements-3b65eaa55f242d3c7112d48d61754c4f wp-block-paragraph\"><strong>Chaine YouTube de la Journ\u00e9e\/Biennale des Fatigues<\/strong><\/p>\n\n\n\n<ul class=\"wp-block-social-links aligncenter is-layout-flex wp-block-social-links-is-layout-flex\"><li class=\"wp-social-link wp-social-link-youtube wp-block-social-link\"><a href=\"https:\/\/www.youtube.com\/channel\/UCx3r09iGLaaJ02FXtufRLng\" class=\"wp-block-social-link-anchor\"><svg width=\"24\" height=\"24\" viewBox=\"0 0 24 24\" version=\"1.1\" xmlns=\"http:\/\/www.w3.org\/2000\/svg\" aria-hidden=\"true\" focusable=\"false\"><path d=\"M21.8,8.001c0,0-0.195-1.378-0.795-1.985c-0.76-0.797-1.613-0.801-2.004-0.847c-2.799-0.202-6.997-0.202-6.997-0.202 h-0.009c0,0-4.198,0-6.997,0.202C4.608,5.216,3.756,5.22,2.995,6.016C2.395,6.623,2.2,8.001,2.2,8.001S2,9.62,2,11.238v1.517 c0,1.618,0.2,3.237,0.2,3.237s0.195,1.378,0.795,1.985c0.761,0.797,1.76,0.771,2.205,0.855c1.6,0.153,6.8,0.201,6.8,0.201 s4.203-0.006,7.001-0.209c0.391-0.047,1.243-0.051,2.004-0.847c0.6-0.607,0.795-1.985,0.795-1.985s0.2-1.618,0.2-3.237v-1.517 C22,9.62,21.8,8.001,21.8,8.001z M9.935,14.594l-0.001-5.62l5.404,2.82L9.935,14.594z\"><\/path><\/svg><span class=\"wp-block-social-link-label screen-reader-text\">YouTube<\/span><\/a><\/li><\/ul>\n\n\n\n<figure class=\"wp-block-embed is-type-video is-provider-youtube wp-block-embed-youtube wp-embed-aspect-16-9 wp-has-aspect-ratio\"><div class=\"wp-block-embed__wrapper\">\n<iframe loading=\"lazy\" title=\"Slam \u201cA ma fatigue\u201d\" width=\"1200\" height=\"675\" src=\"https:\/\/www.youtube.com\/embed\/UEYkCzQNgys?start=1&amp;feature=oembed\" frameborder=\"0\" allow=\"accelerometer; autoplay; clipboard-write; encrypted-media; gyroscope; picture-in-picture; web-share\" referrerpolicy=\"strict-origin-when-cross-origin\" allowfullscreen><\/iframe>\n<\/div><figcaption class=\"wp-element-caption\"><strong>Slam \u00ab\u00a0A ma fatigue\u00a0\u00bb<\/strong> <\/figcaption><\/figure>\n\n\n\n<div style=\"height:20px\" aria-hidden=\"true\" class=\"wp-block-spacer\"><\/div>\n\n\n\n<div class=\"wp-block-columns alignwide is-layout-flex wp-container-core-columns-is-layout-8f761849 wp-block-columns-is-layout-flex\">\n<div class=\"wp-block-column is-layout-flow wp-block-column-is-layout-flow\"><\/div>\n\n\n\n<div class=\"wp-block-column is-layout-flow wp-block-column-is-layout-flow\"><\/div>\n<\/div>\n<\/div>\n<\/div>\n\n\n\n<p class=\"wp-block-paragraph\"><\/p>\n","protected":false},"excerpt":{"rendered":"<p>Des formations in\u00e9dites en 100% distanciel, nourries par l&rsquo;expertise du Groupe de Travail national sur les Fatigues : \u00e0 d\u00e9couvrir sur le site de l&rsquo;Universit\u00e9 de Strasbourg, service de formation continue &#8211; inscriptions ouvertes du 19 ao\u00fbt au 12 novembre 2026, pour un d\u00e9but des cours le 11 f\u00e9vrier 2027 : La seule formation sur [&hellip;]<\/p>\n","protected":false},"author":2,"featured_media":0,"parent":0,"menu_order":0,"comment_status":"closed","ping_status":"closed","template":"template-full.php","meta":{"footnotes":""},"class_list":["post-153","page","type-page","status-publish","hentry"],"_links":{"self":[{"href":"https:\/\/journeedesfatigues.fr\/index.php\/wp-json\/wp\/v2\/pages\/153","targetHints":{"allow":["GET"]}}],"collection":[{"href":"https:\/\/journeedesfatigues.fr\/index.php\/wp-json\/wp\/v2\/pages"}],"about":[{"href":"https:\/\/journeedesfatigues.fr\/index.php\/wp-json\/wp\/v2\/types\/page"}],"author":[{"embeddable":true,"href":"https:\/\/journeedesfatigues.fr\/index.php\/wp-json\/wp\/v2\/users\/2"}],"replies":[{"embeddable":true,"href":"https:\/\/journeedesfatigues.fr\/index.php\/wp-json\/wp\/v2\/comments?post=153"}],"version-history":[{"count":178,"href":"https:\/\/journeedesfatigues.fr\/index.php\/wp-json\/wp\/v2\/pages\/153\/revisions"}],"predecessor-version":[{"id":1096,"href":"https:\/\/journeedesfatigues.fr\/index.php\/wp-json\/wp\/v2\/pages\/153\/revisions\/1096"}],"wp:attachment":[{"href":"https:\/\/journeedesfatigues.fr\/index.php\/wp-json\/wp\/v2\/media?parent=153"}],"curies":[{"name":"wp","href":"https:\/\/api.w.org\/{rel}","templated":true}]}}